{"id":58,"date":"2024-12-25T15:58:13","date_gmt":"2024-12-25T15:58:13","guid":{"rendered":"http:\/\/kahramansevindiklaw.com\/?page_id=58"},"modified":"2024-12-30T15:37:58","modified_gmt":"2024-12-30T15:37:58","slug":"calisma-alanlarimiz","status":"publish","type":"page","link":"https:\/\/kahramansevindiklaw.com\/index.php\/calisma-alanlarimiz\/","title":{"rendered":"\u00c7al\u0131\u015fma Alanlar\u0131m\u0131z"},"content":{"rendered":"\n<p>Kahraman Hukuk ve Dan\u0131\u015fmanl\u0131k m\u00fcvekkillerine Bireysel ve Kurumsal Hukuki Dan\u0131\u015fmanl\u0131k hizmeti sunmaktad\u0131r. Kahraman Hukuk a\u015fa\u011f\u0131da s\u0131ralanan alanlarda olduk\u00e7a yetkindir ancak a\u015fa\u011f\u0131daki s\u0131ralama s\u0131n\u0131rlay\u0131c\u0131 de\u011fildir.<\/p>\n\n\n\n<section id=\"ff065e\" class=\"section-ff065e gutentor-module gutentor-module-accordion gutentor-module-accordion-enable-toggle\"><div class=\"grid-container\">\n<div id=\"6e6f3b\" class=\"wp-block-gutentor-m6-item section-6e6f3b gutentor-module gutentor-module-accordion-item gutentor-module-accordion-active\"><div class=\"gutentor-module-accordion-panel g-a-panel-ff065e\"><div tabindex=\"0\" class=\"gm-ah-ff065e gutentor-module-accordion-item-heading gutentor-module-icon-position-left\"><span class=\"gutentor-module-accordion-panel-handler\" role=\"button\"><span class=\"gutentor-module-accordion-icon gutentor-module-accordion-icon-active\"><i class=\"gm-aio-ff065e gutentor-module-accordion-icon-open fas fa-angle-down\"><\/i><i class=\"gm-aic-ff065e gutentor-module-accordion-icon-close fas fa-angle-up\"><\/i><\/span><span class=\"gutentor-module-accordion-panel-handler-label\">\u015eirketler Hukuku<\/span><\/span><\/div><div class=\"gm-ab-ff065e gutentor-module-accordion-body\">\n<div id=\"section-gf25f12\" class=\"wp-block-gutentor-e0 section-gf25f12 gutentor-element gutentor-element-advanced-text\"><div class=\"gutentor-text-wrap\"><p class=\"gutentor-text\">M\u00fcvekkillere \u015eirketler Hukuku\u2019ndan kaynaklanan sorunlar ve durumlar\u0131n \u00e7\u00f6z\u00fcm\u00fcnde hukuki dan\u0131\u015fmanl\u0131k sa\u011flanmaktad\u0131r.<\/p><\/div><\/div>\n<\/div><\/div><\/div>\n\n\n\n<div id=\"d83fad\" class=\"wp-block-gutentor-m6-item section-d83fad gutentor-module gutentor-module-accordion-item\"><div class=\"gutentor-module-accordion-panel g-a-panel-ff065e\"><div tabindex=\"0\" class=\"gm-ah-ff065e gutentor-module-accordion-item-heading gutentor-module-icon-position-left\"><span class=\"gutentor-module-accordion-panel-handler\" role=\"button\"><span class=\"gutentor-module-accordion-icon\"><i class=\"gm-aio-ff065e gutentor-module-accordion-icon-open fas fa-angle-down\"><\/i><i class=\"gm-aic-ff065e gutentor-module-accordion-icon-close fas fa-angle-up\"><\/i><\/span><span class=\"gutentor-module-accordion-panel-handler-label\">Sigorta Hukuku<\/span><\/span><\/div><div class=\"gm-ab-ff065e gutentor-module-accordion-body\">\n<div id=\"section-gdead58\" class=\"wp-block-gutentor-e0 section-gdead58 gutentor-element gutentor-element-advanced-text\"><div class=\"gutentor-text-wrap\"><p class=\"gutentor-text\">Sigorta Hukuku alan\u0131nda \u00f6zel ve kamu sigortalar\u0131n\u0131n kaynakl\u0131k etti\u011fi hukuki durumlar i\u00e7in her t\u00fcrl\u00fc dava ve dan\u0131\u015fmanl\u0131k hizmeti verilmektedir.<\/p><\/div><\/div>\n<\/div><\/div><\/div>\n\n\n\n<div id=\"27879a\" class=\"wp-block-gutentor-m6-item section-27879a gutentor-module gutentor-module-accordion-item\"><div class=\"gutentor-module-accordion-panel g-a-panel-ff065e\"><div tabindex=\"0\" class=\"gm-ah-ff065e gutentor-module-accordion-item-heading gutentor-module-icon-position-left\"><span class=\"gutentor-module-accordion-panel-handler\" role=\"button\"><span class=\"gutentor-module-accordion-icon\"><i class=\"gm-aio-ff065e gutentor-module-accordion-icon-open fas fa-angle-down\"><\/i><i class=\"gm-aic-ff065e gutentor-module-accordion-icon-close fas fa-angle-up\"><\/i><\/span><span class=\"gutentor-module-accordion-panel-handler-label\">\u015eirket Birle\u015fme ve B\u00f6l\u00fcnmeleri<\/span><\/span><\/div><div class=\"gm-ab-ff065e gutentor-module-accordion-body\">\n<div id=\"section-g2a4873\" class=\"wp-block-gutentor-e0 section-g2a4873 gutentor-element gutentor-element-advanced-text\"><div class=\"gutentor-text-wrap\"><p class=\"gutentor-text\">6102 say\u0131l\u0131 TTK ile hukuk sistemimiz i\u00e7inde kendine yer bulan \u015firket birle\u015fme ve b\u00f6l\u00fcnmeleri kurumu, Kahraman Hukuk ve Dan\u0131\u015fmanl\u0131k avukatlar\u0131 taraf\u0131ndan tecr\u00fcbeler \u0131\u015f\u0131\u011f\u0131nda en iyi sonuca y\u00f6nelik \u00e7al\u0131\u015fmalar yap\u0131larak yerine getirilmektedir.<\/p><\/div><\/div>\n<\/div><\/div><\/div>\n\n\n\n<div id=\"b19c15\" class=\"wp-block-gutentor-m6-item section-b19c15 gutentor-module gutentor-module-accordion-item\"><div class=\"gutentor-module-accordion-panel g-a-panel-ff065e\"><div tabindex=\"0\" class=\"gm-ah-ff065e gutentor-module-accordion-item-heading gutentor-module-icon-position-left\"><span class=\"gutentor-module-accordion-panel-handler\" role=\"button\"><span class=\"gutentor-module-accordion-icon\"><i class=\"gm-aio-ff065e gutentor-module-accordion-icon-open fas fa-angle-down\"><\/i><i class=\"gm-aic-ff065e gutentor-module-accordion-icon-close fas fa-angle-up\"><\/i><\/span><span class=\"gutentor-module-accordion-panel-handler-label\">Bankac\u0131l\u0131k ve Finans Hukuku<\/span><\/span><\/div><div class=\"gm-ab-ff065e gutentor-module-accordion-body\">\n<div id=\"section-g1f9c08\" class=\"wp-block-gutentor-e0 section-g1f9c08 gutentor-element gutentor-element-advanced-text\"><div class=\"gutentor-text-wrap\"><p class=\"gutentor-text\">Bankalara ve finans \u015firketlerine \u00fclkemiz mevzuat\u0131 a\u00e7\u0131s\u0131ndan dan\u0131\u015fmanl\u0131k izmetleri verilmektedir.<\/p><\/div><\/div>\n<\/div><\/div><\/div>\n\n\n\n<div id=\"g-onm2iux\" class=\"wp-block-gutentor-m6-item section-g-onm2iux gutentor-module gutentor-module-accordion-item\"><div class=\"gutentor-module-accordion-panel g-a-panel-ff065e\"><div tabindex=\"0\" class=\"gm-ah-ff065e gutentor-module-accordion-item-heading gutentor-module-icon-position-left\"><span class=\"gutentor-module-accordion-panel-handler\" role=\"button\"><span class=\"gutentor-module-accordion-icon\"><i class=\"gm-aio-ff065e gutentor-module-accordion-icon-open fas fa-angle-down\"><\/i><i class=\"gm-aic-ff065e gutentor-module-accordion-icon-close fas fa-angle-up\"><\/i><\/span><span class=\"gutentor-module-accordion-panel-handler-label\">Emlak ve \u0130n\u015faat Hukuku<\/span><\/span><\/div><div class=\"gm-ab-ff065e gutentor-module-accordion-body\">\n<div id=\"section-g-12cgz91\" class=\"wp-block-gutentor-e0 section-g-12cgz91 gutentor-element gutentor-element-advanced-text\"><div class=\"gutentor-text-wrap\"><p class=\"gutentor-text\">\u0130n\u015faat mevzuat\u0131 hakk\u0131nda ve arazilerin hukuki stat\u00fcleri hakk\u0131nda mevzuat gereklerini m\u00fcvekkillere aktaran Kahraman Hukuk ve Dan\u0131\u015fmanl\u0131k bu konuda deneyimli avukatlara sahiptir.<\/p><\/div><\/div>\n<\/div><\/div><\/div>\n\n\n\n<div id=\"g-13wbb3i\" class=\"wp-block-gutentor-m6-item section-g-13wbb3i gutentor-module gutentor-module-accordion-item\"><div class=\"gutentor-module-accordion-panel g-a-panel-ff065e\"><div tabindex=\"0\" class=\"gm-ah-ff065e gutentor-module-accordion-item-heading gutentor-module-icon-position-left\"><span class=\"gutentor-module-accordion-panel-handler\" role=\"button\"><span class=\"gutentor-module-accordion-icon\"><i class=\"gm-aio-ff065e gutentor-module-accordion-icon-open fas fa-angle-down\"><\/i><i class=\"gm-aic-ff065e gutentor-module-accordion-icon-close fas fa-angle-up\"><\/i><\/span><span class=\"gutentor-module-accordion-panel-handler-label\">\u0130cra ve \u0130flas Hukuku<\/span><\/span><\/div><div class=\"gm-ab-ff065e gutentor-module-accordion-body\">\n<div id=\"section-g-psh34ud\" class=\"wp-block-gutentor-e0 section-g-psh34ud gutentor-element gutentor-element-advanced-text\"><div class=\"gutentor-text-wrap\"><p class=\"gutentor-text\">M\u00fcvekkillerin her t\u00fcrl\u00fc sebebe dayanan alacak ve bor\u00e7luluk ili\u015fkilerini h\u0131zl\u0131 ve etkin bi\u00e7imde \u00e7\u00f6z\u00fcme kavu\u015fturmakta, yasal icra ve iflas takibi ile ulusal ve uluslar aras\u0131 alacak tahsilat\u0131 yap\u0131lmaktad\u0131r.&nbsp;<\/p><\/div><\/div>\n<\/div><\/div><\/div>\n\n\n\n<div id=\"g-7y8ycx4\" class=\"wp-block-gutentor-m6-item section-g-7y8ycx4 gutentor-module gutentor-module-accordion-item\"><div class=\"gutentor-module-accordion-panel g-a-panel-ff065e\"><div tabindex=\"0\" class=\"gm-ah-ff065e gutentor-module-accordion-item-heading gutentor-module-icon-position-left\"><span class=\"gutentor-module-accordion-panel-handler\" role=\"button\"><span class=\"gutentor-module-accordion-icon\"><i class=\"gm-aio-ff065e gutentor-module-accordion-icon-open fas fa-angle-down\"><\/i><i class=\"gm-aic-ff065e gutentor-module-accordion-icon-close fas fa-angle-up\"><\/i><\/span><span class=\"gutentor-module-accordion-panel-handler-label\">Kara ve Deniz Ta\u015f\u0131ma Hukuku<\/span><\/span><\/div><div class=\"gm-ab-ff065e gutentor-module-accordion-body\">\n<div id=\"section-g-8eev842\" class=\"wp-block-gutentor-e0 section-g-8eev842 gutentor-element gutentor-element-advanced-text\"><div class=\"gutentor-text-wrap\"><p class=\"gutentor-text\">Kara ve deniz ta\u015f\u0131mac\u0131l\u0131\u011f\u0131ndan do\u011fan uyu\u015fmazl\u0131klarda, Ticaret Kanunu ve sair mevzuat gerekleri konusunda M\u00fcvekillere dan\u0131\u015fmanl\u0131k hizmeti sunulmaktad\u0131r.<\/p><\/div><\/div>\n<\/div><\/div><\/div>\n\n\n\n<div id=\"g-zr5h52e\" class=\"wp-block-gutentor-m6-item section-g-zr5h52e gutentor-module gutentor-module-accordion-item\"><div class=\"gutentor-module-accordion-panel g-a-panel-ff065e\"><div tabindex=\"0\" class=\"gm-ah-ff065e gutentor-module-accordion-item-heading gutentor-module-icon-position-left\"><span class=\"gutentor-module-accordion-panel-handler\" role=\"button\"><span class=\"gutentor-module-accordion-icon\"><i class=\"gm-aio-ff065e gutentor-module-accordion-icon-open fas fa-angle-down\"><\/i><i class=\"gm-aic-ff065e gutentor-module-accordion-icon-close fas fa-angle-up\"><\/i><\/span><span class=\"gutentor-module-accordion-panel-handler-label\">Sermaye Piyasas\u0131 Hukuku<\/span><\/span><\/div><div class=\"gm-ab-ff065e gutentor-module-accordion-body\">\n<div id=\"section-g-w442awa\" class=\"wp-block-gutentor-e0 section-g-w442awa gutentor-element gutentor-element-advanced-text\"><div class=\"gutentor-text-wrap\"><p class=\"gutentor-text\">Sermaye piyasalar\u0131, kullan\u0131lmayan maddi kaynaklar\u0131n sermaye ihtiyac\u0131 bulunan kesime iletilerek ekonomik kalk\u0131nma i\u00e7indeki fonksiyonunu yerine getirmektedir.&nbsp;<span style=\"font-size: 12pt; font-family: Calibri, sans-serif; text-align: justify; white-space: normal;\">Kahrman Hukuk ve Dan\u0131\u015fmanl\u0131k sermaye piyasalar\u0131nda i\u015f yapacak m\u00fcvekkillerine s\u00f6zle\u015fme ve sonraki safhalarda dan\u0131\u015fmanl\u0131k ve avukatl\u0131k hizmeti sunmaktad\u0131r.<\/span><\/p><\/div><\/div>\n<\/div><\/div><\/div>\n\n\n\n<div id=\"g-elidp57\" class=\"wp-block-gutentor-m6-item section-g-elidp57 gutentor-module gutentor-module-accordion-item\"><div class=\"gutentor-module-accordion-panel g-a-panel-ff065e\"><div tabindex=\"0\" class=\"gm-ah-ff065e gutentor-module-accordion-item-heading gutentor-module-icon-position-left\"><span class=\"gutentor-module-accordion-panel-handler\" role=\"button\"><span class=\"gutentor-module-accordion-icon\"><i class=\"gm-aio-ff065e gutentor-module-accordion-icon-open fas fa-angle-down\"><\/i><i class=\"gm-aic-ff065e gutentor-module-accordion-icon-close fas fa-angle-up\"><\/i><\/span><span class=\"gutentor-module-accordion-panel-handler-label\">Enerji Hukuku<\/span><\/span><\/div><div class=\"gm-ab-ff065e gutentor-module-accordion-body\">\n<div id=\"section-g-reurzsb\" class=\"wp-block-gutentor-e0 section-g-reurzsb gutentor-element gutentor-element-advanced-text\"><div class=\"gutentor-text-wrap\"><p class=\"gutentor-text\">Enerji hukuku alan\u0131nda \u00fclkemizde enerji piyasas\u0131na yap\u0131lacak yat\u0131r\u0131mlar a\u00e7\u0131s\u0131ndan m\u00fcvekkillere protokol s\u00fcrecinde hukuki dan\u0131\u015fmanl\u0131k ile enerji hukukundan kaynaklanan her t\u00fcrl\u00fc uyu\u015fmazl\u0131\u011f\u0131n \u00e7\u00f6z\u00fcm\u00fcnde hukuki dan\u0131\u015fmanl\u0131k hizmei sunulmaktad\u0131r.<\/p><\/div><\/div>\n<\/div><\/div><\/div>\n\n\n\n<div id=\"g-2em95ks\" class=\"wp-block-gutentor-m6-item section-g-2em95ks gutentor-module gutentor-module-accordion-item\"><div class=\"gutentor-module-accordion-panel g-a-panel-ff065e\"><div tabindex=\"0\" class=\"gm-ah-ff065e gutentor-module-accordion-item-heading gutentor-module-icon-position-left\"><span class=\"gutentor-module-accordion-panel-handler\" role=\"button\"><span class=\"gutentor-module-accordion-icon\"><i class=\"gm-aio-ff065e gutentor-module-accordion-icon-open fas fa-angle-down\"><\/i><i class=\"gm-aic-ff065e gutentor-module-accordion-icon-close fas fa-angle-up\"><\/i><\/span><span class=\"gutentor-module-accordion-panel-handler-label\">\u0130\u015f Hukuku<\/span><\/span><\/div><div class=\"gm-ab-ff065e gutentor-module-accordion-body\">\n<div id=\"section-g-9wsse33\" class=\"wp-block-gutentor-e0 section-g-9wsse33 gutentor-element gutentor-element-advanced-text\"><div class=\"gutentor-text-wrap\"><p class=\"gutentor-text\">\u0130\u015f s\u00f6zle\u015fmesinden kaynaklanan uyu\u015fmazl\u0131klar\u0131n \u00e7\u00f6z\u00fcm\u00fcnde i\u015fveren ve i\u015f\u00e7i taraf\u0131n\u0131n her ikisi i\u00e7in gereken her t\u00fcrl\u00fc hukuki yard\u0131m ve avukatl\u0131k hizmeti Kahraman Hukuk ve Dan\u0131\u015fmanl\u0131k taraf\u0131ndan verilmektedir.<\/p><\/div><\/div>\n<\/div><\/div><\/div>\n\n\n\n<div id=\"g-i1j1wkw\" class=\"wp-block-gutentor-m6-item section-g-i1j1wkw gutentor-module gutentor-module-accordion-item\"><div class=\"gutentor-module-accordion-panel g-a-panel-ff065e\"><div tabindex=\"0\" class=\"gm-ah-ff065e gutentor-module-accordion-item-heading gutentor-module-icon-position-left\"><span class=\"gutentor-module-accordion-panel-handler\" role=\"button\"><span class=\"gutentor-module-accordion-icon\"><i class=\"gm-aio-ff065e gutentor-module-accordion-icon-open fas fa-angle-down\"><\/i><i class=\"gm-aic-ff065e gutentor-module-accordion-icon-close fas fa-angle-up\"><\/i><\/span><span class=\"gutentor-module-accordion-panel-handler-label\">Rekabet Hukuku<\/span><\/span><\/div><div class=\"gm-ab-ff065e gutentor-module-accordion-body\">\n<div id=\"section-g-c7cx7h1\" class=\"wp-block-gutentor-e0 section-g-c7cx7h1 gutentor-element gutentor-element-advanced-text\"><div class=\"gutentor-text-wrap\"><p class=\"gutentor-text\">Mal ve hizmet piyasalar\u0131nda faaliyet g\u00f6steren m\u00fcvekkillere rekabet hukuku ve onun gerekleri y\u00f6n\u00fcnden hukuki destek sa\u011flanmakta, m\u00fcvekkillerin haks\u0131z rekabet faili durumuna ge\u00e7memesi i\u00e7in yol g\u00f6sterici faaliyetler y\u00fcr\u00fct\u00fclmektedir. Haks\u0131z rekabete maruz kalan m\u00fcvekkillere ise her t\u00fcrl\u00fc dava hakk\u0131n\u0131n kullan\u0131m\u0131 ve takibi konusunda hizmet verilmektedir.<\/p><\/div><\/div>\n<\/div><\/div><\/div>\n\n\n\n<div id=\"g-3gb5zva\" class=\"wp-block-gutentor-m6-item section-g-3gb5zva gutentor-module gutentor-module-accordion-item\"><div class=\"gutentor-module-accordion-panel g-a-panel-ff065e\"><div tabindex=\"0\" class=\"gm-ah-ff065e gutentor-module-accordion-item-heading gutentor-module-icon-position-left\"><span class=\"gutentor-module-accordion-panel-handler\" role=\"button\"><span class=\"gutentor-module-accordion-icon\"><i class=\"gm-aio-ff065e gutentor-module-accordion-icon-open fas fa-angle-down\"><\/i><i class=\"gm-aic-ff065e gutentor-module-accordion-icon-close fas fa-angle-up\"><\/i><\/span><span class=\"gutentor-module-accordion-panel-handler-label\">Marka ve Patent Hukuku Panel Title<\/span><\/span><\/div><div class=\"gm-ab-ff065e gutentor-module-accordion-body\">\n<div id=\"section-g-lodv14x\" class=\"wp-block-gutentor-e0 section-g-lodv14x gutentor-element gutentor-element-advanced-text\"><div class=\"gutentor-text-wrap\"><p class=\"gutentor-text\">Marka ve Patent Mevzuat\u0131na hakim avukatlar\u0131yla Kahraman Hukuk ve Dan\u0131\u015fmanl\u0131k m\u00fcvekkillerine marka ve patent i\u015f ve i\u015flemleri i\u00e7in hukuki dan\u0131\u015fmanl\u0131k sa\u011flamaktad\u0131r.<\/p><\/div><\/div>\n<\/div><\/div><\/div>\n\n\n\n<div id=\"g-fc7scaf\" class=\"wp-block-gutentor-m6-item section-g-fc7scaf gutentor-module gutentor-module-accordion-item\"><div class=\"gutentor-module-accordion-panel g-a-panel-ff065e\"><div tabindex=\"0\" class=\"gm-ah-ff065e gutentor-module-accordion-item-heading gutentor-module-icon-position-left\"><span class=\"gutentor-module-accordion-panel-handler\" role=\"button\"><span class=\"gutentor-module-accordion-icon\"><i class=\"gm-aio-ff065e gutentor-module-accordion-icon-open fas fa-angle-down\"><\/i><i class=\"gm-aic-ff065e gutentor-module-accordion-icon-close fas fa-angle-up\"><\/i><\/span><span class=\"gutentor-module-accordion-panel-handler-label\">\u0130nternet ve Bili\u015fim Hukuku<\/span><\/span><\/div><div class=\"gm-ab-ff065e gutentor-module-accordion-body\">\n<div id=\"section-g-yoyade1\" class=\"wp-block-gutentor-e0 section-g-yoyade1 gutentor-element gutentor-element-advanced-text\"><div class=\"gutentor-text-wrap\"><p class=\"gutentor-text\">\u0130nternet \u00fczerinde yap\u0131lan i\u015f ve i\u015flemlerin art\u0131\u015f\u0131, bu alanda hukukun d\u00fczenlemelerinin gereklili\u011fini art\u0131rm\u0131\u015ft\u0131r. Kahraman Hukuk ve Dan\u0131\u015fmanl\u0131k da sabal ortamda i\u015f ili\u015fkisinde bulunacak m\u00fcvekillerine, bu ortam\u0131n hukuki gerekleri konusunda dan\u0131\u015fmanl\u0131k hizmeti vermektedir.<\/p><\/div><\/div>\n<\/div><\/div><\/div>\n\n\n\n<div id=\"g-37bvvv8\" class=\"wp-block-gutentor-m6-item section-g-37bvvv8 gutentor-module gutentor-module-accordion-item\"><div class=\"gutentor-module-accordion-panel g-a-panel-ff065e\"><div tabindex=\"0\" class=\"gm-ah-ff065e gutentor-module-accordion-item-heading gutentor-module-icon-position-left\"><span class=\"gutentor-module-accordion-panel-handler\" role=\"button\"><span class=\"gutentor-module-accordion-icon\"><i class=\"gm-aio-ff065e gutentor-module-accordion-icon-open fas fa-angle-down\"><\/i><i class=\"gm-aic-ff065e gutentor-module-accordion-icon-close fas fa-angle-up\"><\/i><\/span><span class=\"gutentor-module-accordion-panel-handler-label\">Gayrimenkul Hukuku<\/span><\/span><\/div><div class=\"gm-ab-ff065e gutentor-module-accordion-body\">\n<div id=\"section-g-3zfwfbz\" class=\"wp-block-gutentor-e0 section-g-3zfwfbz gutentor-element gutentor-element-advanced-text\"><div class=\"gutentor-text-wrap\"><p class=\"gutentor-text\">Gayrimenkullerden kaynaklanan her t\u00fcr dava i\u00e7in avukatl\u0131k ve dan\u0131\u015fmanl\u0131k hizmeti veren Kahraman Hukuk ve Dan\u0131\u015fmanl\u0131k, gayrimenkul alan\u0131nda uzman i\u015f ortaklar\u0131yla \u00e7al\u0131\u015fmaktad\u0131r.<\/p><\/div><\/div>\n<\/div><\/div><\/div>\n\n\n\n<div id=\"g-d0bd0g3\" class=\"wp-block-gutentor-m6-item section-g-d0bd0g3 gutentor-module gutentor-module-accordion-item\"><div class=\"gutentor-module-accordion-panel g-a-panel-ff065e\"><div tabindex=\"0\" class=\"gm-ah-ff065e gutentor-module-accordion-item-heading gutentor-module-icon-position-left\"><span class=\"gutentor-module-accordion-panel-handler\" role=\"button\"><span class=\"gutentor-module-accordion-icon\"><i class=\"gm-aio-ff065e gutentor-module-accordion-icon-open fas fa-angle-down\"><\/i><i class=\"gm-aic-ff065e gutentor-module-accordion-icon-close fas fa-angle-up\"><\/i><\/span><span class=\"gutentor-module-accordion-panel-handler-label\">S\u00f6zle\u015fmeler Hukuku Panel Title<\/span><\/span><\/div><div class=\"gm-ab-ff065e gutentor-module-accordion-body\">\n<div id=\"section-g-xgk7t15\" class=\"wp-block-gutentor-e0 section-g-xgk7t15 gutentor-element gutentor-element-advanced-text\"><div class=\"gutentor-text-wrap\"><p class=\"gutentor-text\">Yerli ve yabanc\u0131 \u015fah\u0131s ve \u015firketlerin akdedecekleri her t\u00fcrl\u00fc s\u00f6zle\u015fmenin s\u00fcrecini aktif olarak y\u00f6netmekte, m\u00fczakerelere kat\u0131lmakta, riskleri hat\u0131rlatmakta ve hukuken korunakl\u0131 h\u00fck\u00fcmlerle s\u00f6zle\u015fmelerin m\u00fcvekkil lehine in\u015fas\u0131n\u0131 temin etmekteyiz.<\/p><\/div><\/div>\n<\/div><\/div><\/div>\n\n\n\n<div id=\"g-bitmk1q\" class=\"wp-block-gutentor-m6-item section-g-bitmk1q gutentor-module gutentor-module-accordion-item\"><div class=\"gutentor-module-accordion-panel g-a-panel-ff065e\"><div tabindex=\"0\" class=\"gm-ah-ff065e gutentor-module-accordion-item-heading gutentor-module-icon-position-left\"><span class=\"gutentor-module-accordion-panel-handler\" role=\"button\"><span class=\"gutentor-module-accordion-icon\"><i class=\"gm-aio-ff065e gutentor-module-accordion-icon-open fas fa-angle-down\"><\/i><i class=\"gm-aic-ff065e gutentor-module-accordion-icon-close fas fa-angle-up\"><\/i><\/span><span class=\"gutentor-module-accordion-panel-handler-label\"><strong>Ticari \/ \u015e<\/strong>irketler<\/span><\/span><\/div><div class=\"gm-ab-ff065e gutentor-module-accordion-body\">\n<div id=\"section-g-fe2e7jj\" class=\"wp-block-gutentor-e0 section-g-fe2e7jj gutentor-element gutentor-element-advanced-text\"><div class=\"gutentor-text-wrap\"><p class=\"gutentor-text\">Hukuk b\u00fcromuz ve tecr\u00fcbeli ekibimiz, m\u00fcvekkil \u015firketlerin faaliyet konusu ve sair t\u00fcm i\u015flerinin hukuka uygun y\u00fcr\u00fcmesi amac\u0131yla, \u015firketlerin kurulu\u015fundan itibaren t\u00fcm s\u00fcre\u00e7te destek olmakta,&nbsp;&nbsp;kurulu\u015f evraklar\u0131nda hukuki incelemeler yap\u0131lmakta, t\u00fcm belgeler ve \u015firket i\u015fleyi\u015f s\u00fcreci incelenmekte, eksik veya hatal\u0131 uygulamalar revize edilmekte, mevcut olmayan belgeler taraf\u0131m\u0131zca haz\u0131rlamakta ve t\u00fcm uygulama ba\u015ftan sona kontrol edilmektedir. Ulusal ve uluslararas\u0131 alanda faaliyet g\u00f6steren firmalar\u0131n talepleri do\u011frultusunda, \u015firket ana s\u00f6zle\u015fmesinin haz\u0131rlanmas\u0131, ortakl\u0131k yap\u0131s\u0131n\u0131n belirlenmesi, \u015firket kurulu\u015funun ger\u00e7ekle\u015ftirilmesi, ticaret unvan\u0131 ve i\u015fletme ad\u0131 gibi tescil i\u015flemlerinin y\u00fcr\u00fct\u00fclmesi, genel kurul ve y\u00f6netim kurullar\u0131n\u0131n toplanmas\u0131, karar almas\u0131 ve bu kararlara ili\u015fkin ihtilaflar\u0131n giderilmesi konular\u0131nda hukuki dan\u0131\u015fmanl\u0131k hizmeti vermekteyiz.<br>Hukuki inceleme ve hukuki destek sayesinde firmalar i\u00e7in g\u00fcvenli bir hukuki altyap\u0131 kurulmakta, hukuki ihtilaf say\u0131s\u0131 en aza indirilmekte ve kar\u015f\u0131la\u015f\u0131lan ihtilaflarda \u015firket menfaatlerinin azami \u00f6l\u00e7\u00fclerde korunmas\u0131 ama\u00e7lanmaktad\u0131r.<br>Ticari ve finansal alanda i\u015f yapan firmalar i\u00e7in ticaret hukuku mevzuat\u0131, banka ve sigortac\u0131l\u0131k mevzuat\u0131, sermaye hukuku mevzuat\u0131, enerji hukuku mevzuat\u0131, g\u00fcmr\u00fck mevzuat\u0131 ve sair t\u00fcm mevzat kapsam\u0131nda de\u011ferlendirme, raporlama, dan\u0131\u015fmanl\u0131k, dava ve hukuki s\u00fcre\u00e7 takibi firmam\u0131zca kar\u015f\u0131lanmaktad\u0131r.&nbsp;&nbsp;Mevzuat ve ihtiya\u00e7 do\u011frultusunda alternatif uyu\u015fmazl\u0131k y\u00f6ntemlerinden faydalan\u0131lmaktad\u0131r.&nbsp;<\/p><\/div><\/div>\n<\/div><\/div><\/div>\n\n\n\n<div id=\"g-w4rk0r5\" class=\"wp-block-gutentor-m6-item section-g-w4rk0r5 gutentor-module gutentor-module-accordion-item\"><div class=\"gutentor-module-accordion-panel g-a-panel-ff065e\"><div tabindex=\"0\" class=\"gm-ah-ff065e gutentor-module-accordion-item-heading gutentor-module-icon-position-left\"><span class=\"gutentor-module-accordion-panel-handler\" role=\"button\"><span class=\"gutentor-module-accordion-icon\"><i class=\"gm-aio-ff065e gutentor-module-accordion-icon-open fas fa-angle-down\"><\/i><i class=\"gm-aic-ff065e gutentor-module-accordion-icon-close fas fa-angle-up\"><\/i><\/span><span class=\"gutentor-module-accordion-panel-handler-label\">Birle\u015fme &amp; B\u00f6l\u00fcnme &amp; Devralma &amp; T\u00fcr De\u011fi\u015ftirme<\/span><\/span><\/div><div class=\"gm-ab-ff065e gutentor-module-accordion-body\">\n<div id=\"section-g-010squ0\" class=\"wp-block-gutentor-e0 section-g-010squ0 gutentor-element gutentor-element-advanced-text\"><div class=\"gutentor-text-wrap\"><p class=\"gutentor-text\">Hukuk b\u00fcromuz, yerli ve yabanc\u0131 kurulu\u015flu firmalara \u015firket birle\u015fme, b\u00f6l\u00fcnme, devralma ve t\u00fcr de\u011fi\u015ftirme konular\u0131nda gerekli hukuk\u00ee deste\u011fi vermektedir. Bu s\u00fcrece ili\u015fkin olarak \u00f6n \u00e7al\u0131\u015fmalar\u0131n yap\u0131lmas\u0131, hukuk\u00ee de\u011ferlendirme raporlar\u0131n\u0131n haz\u0131rlanmas\u0131, yasal i\u015flem s\u00fcre\u00e7lerinde gerekli t\u00fcm deste\u011fin sa\u011flanmas\u0131, ortaklar aras\u0131nda yap\u0131lmas\u0131 gereken t\u00fcm s\u00f6zle\u015fmelerin haz\u0131rlanmas\u0131 desteklerimizden baz\u0131lar\u0131d\u0131r.&nbsp;<br>Birle\u015fmeler<br>B\u00f6l\u00fcnmeler<br>Devralmalar<br>Hisse Devir S\u00f6zle\u015fmeleri<br>Marka Kullan\u0131m Haklar\u0131 ve S\u00f6zle\u015fmeleri<br>Haks\u0131z Rekabet<br>T\u00fcr De\u011fi\u015ftirme<br>\u015eirket Yap\u0131s\u0131n\u0131n Yeniden Organize Edilmesi<br>Ortaklar S\u00f6zle\u015fmeleri<br>Do\u011frudan Yabanc\u0131 Yat\u0131r\u0131mlar\u0131n T\u00fcrkiye\u2019de Organize Edilmesi<br>Ortak Giri\u015fim S\u00f6zle\u015fmelerinin Haz\u0131rlanmas\u0131<br>Ortakl\u0131ktan Ayr\u0131lma<br>Ortakl\u0131ktan \u00c7\u0131kma &amp; \u00c7\u0131kar\u0131lma<\/p><\/div><\/div>\n<\/div><\/div><\/div>\n\n\n\n<div id=\"g-79flgn9\" class=\"wp-block-gutentor-m6-item section-g-79flgn9 gutentor-module gutentor-module-accordion-item\"><div class=\"gutentor-module-accordion-panel g-a-panel-ff065e\"><div tabindex=\"0\" class=\"gm-ah-ff065e gutentor-module-accordion-item-heading gutentor-module-icon-position-left\"><span class=\"gutentor-module-accordion-panel-handler\" role=\"button\"><span class=\"gutentor-module-accordion-icon\"><i class=\"gm-aio-ff065e gutentor-module-accordion-icon-open fas fa-angle-down\"><\/i><i class=\"gm-aic-ff065e gutentor-module-accordion-icon-close fas fa-angle-up\"><\/i><\/span><span class=\"gutentor-module-accordion-panel-handler-label\"><strong>Uluslararas\u0131 Ticaret Ve Lojistik<\/strong><\/span><\/span><\/div><div class=\"gm-ab-ff065e gutentor-module-accordion-body\">\n<div id=\"section-g-vcpz5ia\" class=\"wp-block-gutentor-e0 section-g-vcpz5ia gutentor-element gutentor-element-advanced-text\"><div class=\"gutentor-text-wrap\"><p class=\"gutentor-text\">G\u00fcn\u00fcm\u00fcz rekabet ko\u015fullar\u0131nda uluslararas\u0131 ticaret ancak \u00e7a\u011fda\u015f lojistik y\u00f6netimi anlay\u0131\u015f\u0131 \u00e7er\u00e7evesinde y\u00fcr\u00fct\u00fclebilmektedir. Dolay\u0131s\u0131yla, uluslararas\u0131 ticaret uygulamalar\u0131 alan\u0131ndaki uzmanlar\u0131n kapsaml\u0131 bir lojistik bilgisine sahip olmalar\u0131 beklenmektedir. Lojistik, salt bir ta\u015f\u0131mac\u0131l\u0131k faaliyeti olarak de\u011ferlendirilmemektedir. Ta\u015f\u0131mac\u0131l\u0131\u011f\u0131n yan\u0131nda mal, hizmet, bilgi ve benzeri hususlar\u0131n teslim al\u0131nmas\u0131, depolanmas\u0131, m\u00fc\u015fterinin gereksinim duydu\u011fu noktaya kadar ta\u015f\u0131nmas\u0131 gibi faaliyetlerin ekonomik bir pl\u00e2n d\u00e2hilinde koordine edilmesini i\u00e7eren bir aland\u0131r. B\u00fcromuz taraf\u0131ndan uluslararas\u0131 ticaret ve lojistik alan\u0131nda hukuki her t\u00fcrl\u00fc destek verilmektedir.<\/p><\/div><\/div>\n<\/div><\/div><\/div>\n\n\n\n<div id=\"g-o7marjj\" class=\"wp-block-gutentor-m6-item section-g-o7marjj gutentor-module gutentor-module-accordion-item\"><div class=\"gutentor-module-accordion-panel g-a-panel-ff065e\"><div tabindex=\"0\" class=\"gm-ah-ff065e gutentor-module-accordion-item-heading gutentor-module-icon-position-left\"><span class=\"gutentor-module-accordion-panel-handler\" role=\"button\"><span class=\"gutentor-module-accordion-icon\"><i class=\"gm-aio-ff065e gutentor-module-accordion-icon-open fas fa-angle-down\"><\/i><i class=\"gm-aic-ff065e gutentor-module-accordion-icon-close fas fa-angle-up\"><\/i><\/span><span class=\"gutentor-module-accordion-panel-handler-label\"><strong>Konkordato S\u00fcreci ve Y\u00f6netimi<\/strong><\/span><\/span><\/div><div class=\"gm-ab-ff065e gutentor-module-accordion-body\">\n<div id=\"section-g-w9zmwxw\" class=\"wp-block-gutentor-e0 section-g-w9zmwxw gutentor-element gutentor-element-advanced-text\"><div class=\"gutentor-text-wrap\"><p class=\"gutentor-text\">2004 say\u0131l\u0131 \u0130cra ve \u0130flas Kanunu\u2019nda (\u0130\u0130K), 7101 say\u0131l\u0131 Kanun ile yap\u0131lan de\u011fi\u015fiklik sonras\u0131nda \u201ciflas\u0131n ertelenmesi\u201d uygulamas\u0131na son verilerek yerine Konkordato uygulamas\u0131 hayata ge\u00e7irilmi\u015ftir. Asl\u0131nda Konkordato uygulamas\u0131 \u00f6nceden beri var olan bir m\u00fcessese olmas\u0131na ra\u011fmen 7101 say\u0131l\u0131 Kanun kapsam\u0131nda yap\u0131lan de\u011fi\u015fiklikler ile daha kolay ve uygulanabilir hale getirilmi\u015ftir.<br>Bor\u00e7lar\u0131n vadesi geldi\u011fi halde \u00f6denememesi ya da \u00f6deyememe tehlikesi alt\u0131nda olan bor\u00e7lu, bor\u00e7lara ili\u015fkin yeni vade belirlenmesi yahut bor\u00e7lardan tenzilat yap\u0131lmas\u0131 talebi ile Asliye Ticaret Mahkemelerine dilek\u00e7e ile konkordato talebinde bulunabilir. Yine iflas talebinde bulunabilecek her bir alacakl\u0131 da gerek\u00e7eli dilek\u00e7e ile bor\u00e7lu i\u00e7in konkordato talebinde bulunabilir. Haklar\u0131nda konkordato karar\u0131 verilebilecek olanlar; \u015fah\u0131s firmalar\u0131, sermaye \u015firketleri, kooperatifler,&nbsp;&nbsp;dernekler, vak\u0131flar, alacakl\u0131lar ve ger\u00e7ek ki\u015filerdir.<br>Gerek ba\u015fvuru i\u015flemleri gerekse de b\u00fct\u00fcn s\u00fcre\u00e7 boyunca yard\u0131mc\u0131 olmaktay\u0131z.<br>Ayr\u0131ca Av. Ersin Sevindik in konkordato komiserli\u011fi de bulunmaktad\u0131r.<\/p><\/div><\/div>\n<\/div><\/div><\/div>\n\n\n\n<div id=\"g-tqq31xy\" class=\"wp-block-gutentor-m6-item section-g-tqq31xy gutentor-module gutentor-module-accordion-item\"><div class=\"gutentor-module-accordion-panel g-a-panel-ff065e\"><div tabindex=\"0\" class=\"gm-ah-ff065e gutentor-module-accordion-item-heading gutentor-module-icon-position-left\"><span class=\"gutentor-module-accordion-panel-handler\" role=\"button\"><span class=\"gutentor-module-accordion-icon\"><i class=\"gm-aio-ff065e gutentor-module-accordion-icon-open fas fa-angle-down\"><\/i><i class=\"gm-aic-ff065e gutentor-module-accordion-icon-close fas fa-angle-up\"><\/i><\/span><span class=\"gutentor-module-accordion-panel-handler-label\"><strong>S\u00f6zle\u015fmeler<\/strong><\/span><\/span><\/div><div class=\"gm-ab-ff065e gutentor-module-accordion-body\">\n<div id=\"section-g-vvhm4q3\" class=\"wp-block-gutentor-e0 section-g-vvhm4q3 gutentor-element gutentor-element-advanced-text\"><div class=\"gutentor-text-wrap\"><p class=\"gutentor-text\">Her tip s\u00f6zle\u015fmenin hukuken de\u011ferlendirilmesi, muhtemel sonu\u00e7lar\u0131n bildirilmesi, m\u00fcvekkil aleyhine sonu\u00e7lar do\u011facaksa uyar\u0131lar\u0131n yap\u0131lmas\u0131, m\u00fcvekkil lehine revize edilmesi, her tip s\u00f6zle\u015fmenin en ba\u015ftan tamamen taraf\u0131m\u0131zca d\u00fczenlenmesi.<br>S\u00f6zle\u015fmelere kritik m\u00fcdahalelerin yap\u0131lmas\u0131, taraflarca \u00f6ng\u00f6r\u00fclmeyen elzem hususlar\u0131n eklenmesi.<br>S\u00f6zle\u015fmelerin ihlalinden ya da s\u00f6zle\u015fmenin ifas\u0131nda gecikmeden kaynaklanan uyu\u015fmazl\u0131klar\u0131n \u00e7\u00f6z\u00fcm\u00fcnde icra, dava, m\u00fczakere ve arabuluculuk hizmetlerinin verilmesi.&nbsp;<br>S\u00f6zle\u015fmeler alan\u0131nda amac\u0131m\u0131z muhtemel hukuki uyu\u015fmazl\u0131klar\u0131n do\u011fmadan bertaraf edilmesidir.&nbsp;<br>S\u00f6zle\u015fmeler \u00e7ok \u00e7e\u015fitli hukuki alanlar, hukuki ili\u015fkiler ba\u011flam\u0131nda do\u011fabilmektedir. S\u00f6zle\u015fmenin taraflar\u0131 da \u00f6zel ve t\u00fczel ki\u015filer ya da \u00e7ok ortakl\u0131 yap\u0131lar olabilir. Her sekt\u00f6rden ve her boyutta \u015firketin ya da \u015fahs\u0131n s\u00f6zle\u015fme ihtiyac\u0131 bulunmaktad\u0131r. Ve her s\u00f6zle\u015fme kendine \u00f6zg\u00fc \u015fartlar ta\u015f\u0131maktad\u0131r.<br>Bor\u00e7lar Kanunu m.26 uyar\u0131nca \u201cTaraflar bir s\u00f6zle\u015fmenin i\u00e7eri\u011fini kanunda \u00f6ng\u00f6r\u00fclen s\u0131n\u0131rlar i\u00e7inde \u00f6zg\u00fcrce belirleyebilirler.\u201d \u0130\u015fte bu kapsamda; s\u0131n\u0131rlar\u0131m\u0131z ve \u00f6zg\u00fcrl\u00fck alan\u0131m\u0131z dahilinde m\u00fcvekkil menfaatini maksimumda tutarak ideal s\u00f6zle\u015fmeler haz\u0131rl\u0131yoruz.&nbsp;<br>&nbsp;\u0130ki taraf\u0131n oldu\u011fu her t\u00fcrl\u00fc anla\u015fman\u0131n hukuken uzman bir g\u00f6zle de\u011ferlendirilmesi ya da uzman taraf\u0131ndan s\u0131f\u0131rdan d\u00fczenlenmesi elzemdir. Meseleye hakim hukuk\u00e7ular\u0131n d\u00fczenledi\u011fi s\u00f6zle\u015fmeler m\u00fcvekkilin koruyucu can simidi olmaktad\u0131r.&nbsp;<\/p><\/div><\/div>\n<\/div><\/div><\/div>\n\n\n\n<div id=\"g-iwwwn5t\" class=\"wp-block-gutentor-m6-item section-g-iwwwn5t gutentor-module gutentor-module-accordion-item\"><div class=\"gutentor-module-accordion-panel g-a-panel-ff065e\"><div tabindex=\"0\" class=\"gm-ah-ff065e gutentor-module-accordion-item-heading gutentor-module-icon-position-left\"><span class=\"gutentor-module-accordion-panel-handler\" role=\"button\"><span class=\"gutentor-module-accordion-icon\"><i class=\"gm-aio-ff065e gutentor-module-accordion-icon-open fas fa-angle-down\"><\/i><i class=\"gm-aic-ff065e gutentor-module-accordion-icon-close fas fa-angle-up\"><\/i><\/span><span class=\"gutentor-module-accordion-panel-handler-label\"><strong>\u0130\u015f\u00e7i \u2013\u0130\u015fveren Uyu\u015fmazl\u0131klar\u0131\u00a0<\/strong><\/span><\/span><\/div><div class=\"gm-ab-ff065e gutentor-module-accordion-body\">\n<div id=\"section-g-2bvvesa\" class=\"wp-block-gutentor-e0 section-g-2bvvesa gutentor-element gutentor-element-advanced-text\"><div class=\"gutentor-text-wrap\"><p class=\"gutentor-text\">M\u00fcvekkilin pozisyonuna g\u00f6re i\u015f hukukundan do\u011fan t\u00fcm uyu\u015fmazl\u0131klarda etkin dan\u0131\u015fmanl\u0131k ve sonuca ula\u015ft\u0131racak dava ya da alternatif uyu\u015fmazl\u0131k \u00e7\u00f6z\u00fcm yollar\u0131yla hizmet verilmesi, koruyucu dan\u0131\u015fmanl\u0131k, tazminatlar\u0131n hesaplanmas\u0131 ve s\u00fcrecin do\u011fru bi\u00e7imde y\u00fcr\u00fct\u00fclmesi verdi\u011fimiz hizmetler aras\u0131ndad\u0131r.&nbsp;&nbsp;<br>\u0130\u015f\u00e7i ve i\u015fveren aras\u0131nda&nbsp;i\u015f&nbsp;mevzuat\u0131ndan veya&nbsp;i\u015f&nbsp;s\u00f6zle\u015fmesinden kaynaklanan uyu\u015fmazl\u0131klar yarg\u0131n\u0131n en \u00e7ok me\u015fgul oldu\u011fu konulardand\u0131r. \u0130\u015f bu sebeple arabuluculuk kurumu \u00fclkemizde uygulanmaya ba\u015flad\u0131\u011f\u0131nda \u00f6ncelikle bu alanda zorunlu hale gelmi\u015f ve s\u00fcre\u00e7 de ger\u00e7ekten uyu\u015fmazl\u0131klar\u0131n \u00e7\u00f6z\u00fcm\u00fc noktas\u0131nda sevindirici olmu\u015ftur.&nbsp;<br>K\u0131dem tazminat\u0131, ihbar tazminat\u0131, y\u0131ll\u0131k \u00fccretli izin alaca\u011f\u0131, \u00fccret alaca\u011f\u0131, yemek, agi gibi yan alacalar, hafta tatili alaca\u011f\u0131, ulusal ve genel bayram tatil alaca\u011f\u0131, gece \u00e7al\u0131\u015fmas\u0131 alaca\u011f\u0131, fazla mesai alaca\u011f\u0131 gibi alacak kalemleri i\u015f\u00e7ilerin i\u015fverenlere kar\u015f\u0131 y\u00f6neltti\u011fi talepler aras\u0131ndad\u0131r. \u0130\u015fyeri uygulamalar\u0131, i\u015f g\u00fcvenli\u011fi konusu, i\u015fyerindeki \u00e7al\u0131\u015fma ko\u015fullar\u0131, mobbing konusu, i\u015fyerinde e\u015fitli\u011fin olup olmad\u0131\u011f\u0131 gibi hususlar da \u00e7oklukla yarg\u0131laman\u0131n konusudur. \u0130\u015ften ayr\u0131lma ve i\u015ften \u00e7\u0131karma s\u00fcre\u00e7lerinin hukuka uygun olarak y\u00fcr\u00fct\u00fclmesi, i\u015f\u00e7ilerin \u00f6zl\u00fck dosyalar\u0131n\u0131n do\u011fru ve usule uygun olarak tutulmas\u0131 hak kay\u0131plar\u0131n\u0131 \u00f6nleyecektir. Bu ba\u011flamda tecr\u00fcbemiz, yetkinli\u011fimiz ve bilgimiz ile gerek avukatl\u0131k gerek dan\u0131\u015fmanl\u0131k gerekse arabuluculuk hizmeti vermekteyiz.&nbsp;<br>\u015eu anda y\u00fcr\u00fcrl\u00fckte olan hukukumuza g\u00f6re;&nbsp;i\u015f hukukundan kaynakl\u0131 her hangi bir uyu\u015fmazl\u0131\u011f\u0131n\u0131z varsa \u00f6n ko\u015ful olarak arabuluculuk s\u00fcrecinin y\u00fcr\u00fct\u00fclmesi gerekir.<br>-E\u011fer m\u00fcvekkilimiz iseniz alan\u0131nda uzmanla\u015fm\u0131\u015f arabuluculara ula\u015fman\u0131z konusunda yard\u0131mc\u0131 olabiliriz. Ve etkin taraf vekilli\u011fi ile s\u00fcrecin lehe sonu\u00e7lanmas\u0131 konusunda \u00e7al\u0131\u015fabiliriz.<br>-E\u011fer m\u00fcvekkilimiz de\u011filseniz uzman arabulucumuz ile s\u00fcrecin tarafs\u0131z bir bi\u00e7imde ve anla\u015fma odakl\u0131 olarak, t\u00fcm psikolojik arg\u00fcmanlar\u0131 ve ileti\u015fim yollar\u0131n\u0131 deneyerek sonu\u00e7land\u0131r\u0131lmas\u0131 konusunda yard\u0131mc\u0131 olabiliriz.&nbsp;<\/p><\/div><\/div>\n<\/div><\/div><\/div>\n\n\n\n<div id=\"g-b6t11d4\" class=\"wp-block-gutentor-m6-item section-g-b6t11d4 gutentor-module gutentor-module-accordion-item\"><div class=\"gutentor-module-accordion-panel g-a-panel-ff065e\"><div tabindex=\"0\" class=\"gm-ah-ff065e gutentor-module-accordion-item-heading gutentor-module-icon-position-left\"><span class=\"gutentor-module-accordion-panel-handler\" role=\"button\"><span class=\"gutentor-module-accordion-icon\"><i class=\"gm-aio-ff065e gutentor-module-accordion-icon-open fas fa-angle-down\"><\/i><i class=\"gm-aic-ff065e gutentor-module-accordion-icon-close fas fa-angle-up\"><\/i><\/span><span class=\"gutentor-module-accordion-panel-handler-label\"><strong>Medeni Hukuk<\/strong><\/span><\/span><\/div><div class=\"gm-ab-ff065e gutentor-module-accordion-body\">\n<div id=\"section-g-xljnxvy\" class=\"wp-block-gutentor-e0 section-g-xljnxvy gutentor-element gutentor-element-advanced-text\"><div class=\"gutentor-text-wrap\"><p class=\"gutentor-text\">Kendi i\u00e7inde d\u00f6rt b\u00f6l\u00fcme ayr\u0131lan medeni hukuk genel anlamda do\u011fumdan \u00f6l\u00fcme t\u00fcm \u00f6zel ili\u015fkilerimizi d\u00fczenleyen normlar\u0131 ihtiva eder. Medeni Kanunumuz bu \u00f6zel ili\u015fkileri d\u00f6rt ba\u015fl\u0131kta incelemi\u015f ve h\u00fckme ba\u011flam\u0131\u015ft\u0131r: ki\u015filer hukuku, aile hukuku, e\u015fya hukuku ve miras hukuku. Hukuk firmam\u0131z medeni hukukun t\u00fcm alanlar\u0131nda dan\u0131\u015fmanl\u0131k, dava ve arabuluculuk hizmeti vermektedir.&nbsp;<br>Ki\u015filer Hukuku; ki\u015filik haklar\u0131na sald\u0131r\u0131dan kaynaklanan davalar, isim de\u011fi\u015ftirme, gaiplik karar\u0131, cinsiyet de\u011fi\u015fikli\u011fi, dernekler ve vak\u0131flara ili\u015fkin t\u00fcm i\u015flem ve davalar.&nbsp;<br>Aile Hukuku; ni\u015fanl\u0131l\u0131k, ni\u015fan\u0131n sora ermesi, evlilik, butlan evlilikler, bo\u015fanma ve sonu\u00e7lar\u0131, mal rejimleri, evlilik s\u00f6zle\u015fmeleri, soy ba\u011f\u0131n\u0131n reddi, babal\u0131k, evlat edinme, velayet, vesayet, kayy\u0131ml\u0131k.<br>Miras Hukuku; \u00f6l\u00fcme ba\u011fl\u0131 tasarruflar, vasiyetname, miras\u00e7\u0131l\u0131k belgesi verilmesi, muris muvazaas\u0131na dayal\u0131 tapu iptal ve tescil davalar\u0131i denkle\u015ftirme ve terekeye iade, sakl\u0131 payl\u0131 miras\u00e7\u0131lar\u0131n tenkis davalar\u0131, mirasta istihkak, miras s\u00f6zle\u015fmelerinden do\u011fan davalar, miras\u0131n reddi, tereke masas\u0131na kay\u0131t, miras\u0131n payla\u015ft\u0131r\u0131lmas\u0131, vasiyetnamenin iptali\/ifas\u0131.&nbsp;<br>E\u015fya Hukuku; tapu sicilinde yap\u0131labilecek t\u00fcm i\u015flemler, ayni haklar, ta\u015f\u0131n\u0131r ve ta\u015f\u0131nmaz m\u00fclkiyetinden do\u011fan t\u00fcm davalar, rehin, ipotek.<\/p><\/div><\/div>\n<\/div><\/div><\/div>\n\n\n\n<div id=\"g-kwne4yr\" class=\"wp-block-gutentor-m6-item section-g-kwne4yr gutentor-module gutentor-module-accordion-item\"><div class=\"gutentor-module-accordion-panel g-a-panel-ff065e\"><div tabindex=\"0\" class=\"gm-ah-ff065e gutentor-module-accordion-item-heading gutentor-module-icon-position-left\"><span class=\"gutentor-module-accordion-panel-handler\" role=\"button\"><span class=\"gutentor-module-accordion-icon\"><i class=\"gm-aio-ff065e gutentor-module-accordion-icon-open fas fa-angle-down\"><\/i><i class=\"gm-aic-ff065e gutentor-module-accordion-icon-close fas fa-angle-up\"><\/i><\/span><span class=\"gutentor-module-accordion-panel-handler-label\"><strong>Bo\u015fanma<\/strong><\/span><\/span><\/div><div class=\"gm-ab-ff065e gutentor-module-accordion-body\">\n<div id=\"section-g-1hprqkq\" class=\"wp-block-gutentor-e0 section-g-1hprqkq gutentor-element gutentor-element-advanced-text\"><div class=\"gutentor-text-wrap\"><p class=\"gutentor-text\">Bo\u015fanmay\u0131 d\u00fc\u015f\u00fcn\u00fcyorsunuz ama hukuken zarar g\u00f6rmemek ad\u0131na nas\u0131l bir strateji geli\u015ftirece\u011finizi bilemiyorsan\u0131z y\u0131llara dayanan bilgi ve tecr\u00fcbemizle yan\u0131n\u0131zda oluyoruz. Bo\u015fanma konulu uyu\u015fmazl\u0131klarda hedefimiz, psikolojik olarak da en iyi durumda sonuca g\u00f6t\u00fcrmek ve bu nedenle s\u00fcreci olabildi\u011fince h\u0131zla sonu\u00e7land\u0131rmakt\u0131r.&nbsp;<br>Bu s\u00fcre\u00e7te;<br>Taraflar\u0131n anla\u015fma ve bar\u0131\u015fma \u00fcmitleri varsa yap\u0131c\u0131 arabuluculuk ile taraflar\u0131 bo\u015fanmadan d\u00f6nd\u00fcrmek,<br>Taraflar\u0131n ya da bir taraf\u0131n kaybedecek zaman\u0131 yoksa ve verdi\u011fi karardan emin ise en h\u0131zl\u0131 bi\u00e7imde bo\u015fanma karar\u0131n\u0131 almak,<br>Bo\u015fanma s\u00fcrecini anla\u015fmal\u0131 bo\u015fanma \u015feklinde en h\u0131zl\u0131 bi\u00e7imde temin etmek,<br>Anla\u015fmal\u0131 bo\u015fanma sa\u011flanam\u0131yorsa m\u00fcvekkilin yarg\u0131lamada elini g\u00fc\u00e7lendirecek arg\u00fcmanlar hakk\u0131nda dan\u0131\u015fmanl\u0131k vermek,<br>\u00c7eki\u015fmeli bo\u015fanmalarda m\u00fcvekkilin talebi do\u011frultusunda kar\u015f\u0131 taraftan tazminat alabilmek ve ortak mallar\u0131n en iyi \u015fekilde (lehte) taksimini sa\u011flamak,<br>Hak kay\u0131plar\u0131n\u0131 \u00f6nlemek ad\u0131na a\u00e7\u0131lacak davalarda h\u0131zl\u0131 ad\u0131m atmak,<br>Hak kay\u0131plar\u0131n\u0131 \u00f6nlemek ad\u0131na a\u00e7\u0131lacak davalarda mal varl\u0131\u011f\u0131 \u00fczerine tedbir koydurmak,<br>\u00c7eki\u015fmeli bo\u015fanmalarda ortak \u00e7ocu\u011fun gelece\u011fi i\u00e7in nafaka ve velayet konusunda hukuki sonu\u00e7 almak,<br>Bo\u015fanma s\u00fcrecinin \u00f6ncesinde ve s\u00fcre\u00e7 devam ederken taraflarla yap\u0131lacak g\u00f6r\u00fc\u015fme ve toplant\u0131lara i\u015ftirak etmek,<br>Kamuya mal olmu\u015f bir ki\u015fi iseniz s\u00fcrecin arzunuz dahilinde gizli tutulmas\u0131 yada arzunuz dahilinde bas\u0131na yans\u0131t\u0131lmas\u0131.&nbsp;<br>Hizmetlerimiz aras\u0131ndad\u0131r.&nbsp;<br>Bo\u015fanma konusu hukukun en hassas konular\u0131ndan oldu\u011fu i\u00e7in konuya yakla\u015f\u0131m\u0131m\u0131z azami hassasiyet, \u00f6zen ve gizliliktir. M\u00fcvekkille vekili aras\u0131ndaki g\u00fcven ili\u015fkisi maksimumdad\u0131r. M\u00fcvekkil vekiline ihtiyac\u0131 oldu\u011fu her zaman ula\u015fabilmektedir.&nbsp;<\/p><\/div><\/div>\n<\/div><\/div><\/div>\n\n\n\n<div id=\"g-00j01ag\" class=\"wp-block-gutentor-m6-item section-g-00j01ag gutentor-module gutentor-module-accordion-item\"><div class=\"gutentor-module-accordion-panel g-a-panel-ff065e\"><div tabindex=\"0\" class=\"gm-ah-ff065e gutentor-module-accordion-item-heading gutentor-module-icon-position-left\"><span class=\"gutentor-module-accordion-panel-handler\" role=\"button\"><span class=\"gutentor-module-accordion-icon\"><i class=\"gm-aio-ff065e gutentor-module-accordion-icon-open fas fa-angle-down\"><\/i><i class=\"gm-aic-ff065e gutentor-module-accordion-icon-close fas fa-angle-up\"><\/i><\/span><span class=\"gutentor-module-accordion-panel-handler-label\"><strong>Gayrimenkul Hukuku<\/strong><\/span><\/span><\/div><div class=\"gm-ab-ff065e gutentor-module-accordion-body\">\n<div id=\"section-g-z6ovv4i\" class=\"wp-block-gutentor-e0 section-g-z6ovv4i gutentor-element gutentor-element-advanced-text\"><div class=\"gutentor-text-wrap\"><p class=\"gutentor-text\">Gerek bir ya\u015famsal ihtiya\u00e7, gerekse yat\u0131r\u0131m anlam\u0131nda gayrimenkul\u00fcn hayatlar\u0131m\u0131zdaki yeri olduk\u00e7a k\u0131ymetli. Bu ba\u011flamda kar\u015f\u0131la\u015faca\u011f\u0131m\u0131z sorunlar \u00e7ok \u00e7e\u015fitli ve \u00e7etrefilli olabiliyor.&nbsp;<br>\u00d6ncelikle dile\u011fimiz \u00f6nleyici hukuki dan\u0131\u015fmanl\u0131k ile hukuken sa\u011fl\u0131kl\u0131 i\u015flemlerin tahsisidir. Ancak e\u011fer bu ka\u00e7\u0131r\u0131lm\u0131\u015f ise vakit kaybetmeden hak kay\u0131plar\u0131n\u0131 \u00f6nlemek ad\u0131na en etkin dava ve hukuki ba\u015fvuru s\u00fcrecini i\u015fletmek gerekir.&nbsp;<br>Emlak al\u0131m-sat\u0131m\u0131nda gerek al\u0131c\u0131 ve sat\u0131c\u0131 ile yap\u0131lan g\u00f6r\u00fc\u015fmelerde gerekse tapuda yap\u0131lan i\u015flemlerde m\u00fcvekkillere nezaret etmek ve s\u00fcreci do\u011fru de\u011ferlendirmek, yat\u0131r\u0131m ama\u00e7l\u0131 al\u0131nan gayrimenkullerin kiralama s\u00fcre\u00e7lerini takip etmek, kira tespit ve uyarlama davalar\u0131n\u0131 y\u00f6netmek, gayrimenkuller \u00fczerine i\u015fletilecek her t\u00fcrl\u00fc \u015ferh ile ilgili s\u00f6zle\u015fme ve i\u015flemleri yapmak, gayrimenkul projelerine hukuki destek sa\u011flamak (gerekirse konut y\u00f6netimi konusunda destek sa\u011flamak), gayrimenkul finansman\u0131 ve yabanc\u0131lar\u0131n gayrimenkul edinmesi konular\u0131nda \u00e7al\u0131\u015fmak, kat kar\u015f\u0131l\u0131\u011f\u0131 in\u015faat s\u00f6zle\u015fmelerinden kaynaklanan uyu\u015fmazl\u0131klar\u0131 \u00e7\u00f6z\u00fcmlemek, tapu iptal ve tescil davalar\u0131n\u0131 y\u00fcr\u00fctmek, gayrimenkul\u00fcn i\u015fgali, kamula\u015ft\u0131r\u0131lmas\u0131 hallerinde hukuki destek vermek, verdi\u011fimiz hizmetlerden sadece baz\u0131lar\u0131d\u0131r.&nbsp;<\/p><\/div><\/div>\n<\/div><\/div><\/div>\n\n\n\n<div id=\"g-ub3gc1u\" class=\"wp-block-gutentor-m6-item section-g-ub3gc1u gutentor-module gutentor-module-accordion-item\"><div class=\"gutentor-module-accordion-panel g-a-panel-ff065e\"><div tabindex=\"0\" class=\"gm-ah-ff065e gutentor-module-accordion-item-heading gutentor-module-icon-position-left\"><span class=\"gutentor-module-accordion-panel-handler\" role=\"button\"><span class=\"gutentor-module-accordion-icon\"><i class=\"gm-aio-ff065e gutentor-module-accordion-icon-open fas fa-angle-down\"><\/i><i class=\"gm-aic-ff065e gutentor-module-accordion-icon-close fas fa-angle-up\"><\/i><\/span><span class=\"gutentor-module-accordion-panel-handler-label\"><strong>Tazminat- Sorumluluk Hukuku<\/strong><\/span><\/span><\/div><div class=\"gm-ab-ff065e gutentor-module-accordion-body\">\n<div id=\"section-g-qa7adav\" class=\"wp-block-gutentor-e0 section-g-qa7adav gutentor-element gutentor-element-advanced-text\"><div class=\"gutentor-text-wrap\"><p class=\"gutentor-text\">Hukuka ayk\u0131r\u0131 t\u00fcm eylemler ve borca ayk\u0131r\u0131l\u0131klar bir tazminat\u0131, bir sorumlulu\u011fu da beraberinde getirir. Bu kapsamda hem kusur sorumlulu\u011fu hem de kusursuz sorumluluk halleri de\u011ferlendirilir.&nbsp;<br>Tazminat hukuku deyince maddi ve manevi tazminat kavramlar\u0131ndan, bu ba\u011flamda da bedensel zarar, destekten yoksun kalma tazminat\u0131, g\u00f6t\u00fcr\u00fc tazminat(liquidates damages) , cezai \u015fart gibi kavramlardan bahsedilebilir.&nbsp;<br>Hukukun her dal\u0131nda tazminat ve sorumluluk kavramlar\u0131 kar\u015f\u0131m\u0131za \u00e7\u0131kar. S\u00f6zle\u015fme ihlallarinden kaynaklanan, trafik kazalar\u0131ndan kaynaklanan, hatal\u0131 doktor uygulamalar\u0131ndan kaynaklanan (t\u0131bbi malpraktis) \u0130\u015f kazas\u0131ndan kaynaklanan, i\u015f s\u00f6zle\u015fmesinden kaynaklanan, telif haklar\u0131n\u0131n ihlalinden kaynaklanan, bo\u015fanma davalar\u0131ndan kaynaklanan, haks\u0131z fiilden kaynaklanan ve s\u0131n\u0131rs\u0131z ihtimaller dahilinde \u00e7e\u015fitlendirilebilecek tazminat talepleri mevcuttur. Hukuki s\u00fcreci de\u011ferlendirecek iyi bir g\u00f6z, hukuk nosyonu, tecr\u00fcbe, bilgi ve birim tazminat hukuku alan\u0131nda kaliteli hukuki hizmetin anahtar\u0131d\u0131r. \u00d6nleyici hukuki hizmet kapsam\u0131nda do\u011fru s\u00f6zle\u015fmelerin haz\u0131rlanmas\u0131, zarar\u0131n olu\u015fmas\u0131ndan sonra ise do\u011fru de\u011ferlendirme ile h\u0131zl\u0131 ve hakkaniyetli sonu\u00e7lar\u0131n al\u0131nmas\u0131 hizmetlerimiz aras\u0131ndad\u0131r.&nbsp;<\/p><\/div><\/div>\n<\/div><\/div><\/div>\n\n\n\n<div id=\"g-y5stazh\" class=\"wp-block-gutentor-m6-item section-g-y5stazh gutentor-module gutentor-module-accordion-item\"><div class=\"gutentor-module-accordion-panel g-a-panel-ff065e\"><div tabindex=\"0\" class=\"gm-ah-ff065e gutentor-module-accordion-item-heading gutentor-module-icon-position-left\"><span class=\"gutentor-module-accordion-panel-handler\" role=\"button\"><span class=\"gutentor-module-accordion-icon\"><i class=\"gm-aio-ff065e gutentor-module-accordion-icon-open fas fa-angle-down\"><\/i><i class=\"gm-aic-ff065e gutentor-module-accordion-icon-close fas fa-angle-up\"><\/i><\/span><span class=\"gutentor-module-accordion-panel-handler-label\"><strong>\u0130nternet-Bili\u015fim Hukuku<\/strong><\/span><\/span><\/div><div class=\"gm-ab-ff065e gutentor-module-accordion-body\">\n<div id=\"section-g-e8v4d44\" class=\"wp-block-gutentor-e0 section-g-e8v4d44 gutentor-element gutentor-element-advanced-text\"><div class=\"gutentor-text-wrap\"><p class=\"gutentor-text\">T\u00fcm d\u00fcnyada ya\u015fanan Covid 19\/Corona pandemisi d\u00fcnyan\u0131n gidi\u015fat\u0131n\u0131, sistemleri olduk\u00e7a marjinal bi\u00e7imde de\u011fi\u015ftirdi. Bu ba\u011flamda internet ve bili\u015fim d\u00fcnyas\u0131 adeta ya\u015fayan ikinci d\u00fcnyam\u0131z, ikinci hayat alan\u0131m\u0131z haline geldi. Ve gelecek, bizlere bili\u015fimin daha da etkin daha da bask\u0131n bir bi\u00e7imde hayatlar\u0131m\u0131zda var olmaya devam edece\u011fini s\u00f6yl\u00fcyor. Art\u0131k toplant\u0131lar\u0131m\u0131z\u0131 online yap\u0131yor, al\u0131\u015fveri\u015flerimizi online yap\u0131yor hatta y\u00fcz y\u00fcze yapt\u0131\u011f\u0131m\u0131z ki\u015fisel sohbetlerimizi bile online yapar hale geldik. Peki online olman\u0131n hayat\u0131m\u0131za katt\u0131\u011f\u0131 kolayl\u0131klardan pandemi sonras\u0131 vaz m\u0131 ge\u00e7ece\u011fiz? Hi\u00e7 de \u00f6yle g\u00f6r\u00fcnm\u00fcyor. Dev \u015firketlerin \u00e7al\u0131\u015fanlar\u0131n\u0131 online sisteme tam olarak entegre etmeye ba\u015flad\u0131lar. Online sistemin maliyetleri azaltt\u0131\u011f\u0131 ortada ve kaynaklar\u0131n verimli kullan\u0131lmas\u0131 ad\u0131na bili\u015fim \u00e7a\u011f\u0131na t\u00fcm sekt\u00f6rlerin ayak uydurdu\u011funu birlikte g\u00f6rece\u011fiz. Online sistemler o kadar etkin ki d\u00fcnyan\u0131n parasal sistemi de de\u011fi\u015ferek yerini kripto paralar\u0131n almas\u0131 g\u00fcndemde. Bili\u015fim bu denli \u00f6nemli hale geldi\u011finde uyu\u015fmazl\u0131klar\u0131n b\u00fcy\u00fck bir \u00e7o\u011funun da bu mecralarda olaca\u011f\u0131 ku\u015fkusuz. Mesafeler aras\u0131 s\u00f6zle\u015fmeler ve bundan do\u011fan y\u00fck\u00fcml\u00fcl\u00fckler, bankalar\u0131n g\u00fcvenli\u011fi, blockchainin g\u00fcvenli\u011fi, sosyal medya profillerinin birbirleri aras\u0131ndaki etkile\u015fimi ve bu ba\u011flamda ki\u015filik haklar\u0131n\u0131n korunmas\u0131 bili\u015fimde kar\u015f\u0131m\u0131za \u00e7\u0131kan ba\u015fl\u0131ca meseleler haline geldi. M\u00fcvekkillerimize bili\u015fim hukuku alan\u0131nda dan\u0131\u015fmanl\u0131k, tedbir ve dava s\u00fcre\u00e7lerinin y\u00f6netilmesi ve y\u00fcr\u00fct\u00fclmesi konusunda yard\u0131mc\u0131 olmaktay\u0131z.<\/p><\/div><\/div>\n<\/div><\/div><\/div>\n\n\n\n<div id=\"g-g0g0wo0\" class=\"wp-block-gutentor-m6-item section-g-g0g0wo0 gutentor-module gutentor-module-accordion-item\"><div class=\"gutentor-module-accordion-panel g-a-panel-ff065e\"><div tabindex=\"0\" class=\"gm-ah-ff065e gutentor-module-accordion-item-heading gutentor-module-icon-position-left\"><span class=\"gutentor-module-accordion-panel-handler\" role=\"button\"><span class=\"gutentor-module-accordion-icon\"><i class=\"gm-aio-ff065e gutentor-module-accordion-icon-open fas fa-angle-down\"><\/i><i class=\"gm-aic-ff065e gutentor-module-accordion-icon-close fas fa-angle-up\"><\/i><\/span><span class=\"gutentor-module-accordion-panel-handler-label\"><strong>Yabanc\u0131lar Hukuku<\/strong><\/span><\/span><\/div><div class=\"gm-ab-ff065e gutentor-module-accordion-body\">\n<div id=\"section-g-5cpp5ua\" class=\"wp-block-gutentor-e0 section-g-5cpp5ua gutentor-element gutentor-element-advanced-text\"><div class=\"gutentor-text-wrap\"><p class=\"gutentor-text\">\u00dclkemize gelen yabanc\u0131lar\u0131n y\u00fcr\u00fcrl\u00fckteki hukukumuz kapsam\u0131nda ihtiya\u00e7lar\u0131 olan t\u00fcm hukuki meselelerine \u00e7\u00f6z\u00fcm \u00fcretmek, dan\u0131\u015fmanl\u0131k hizmeti vermek ve kendilerini hukuken korunmas\u0131z, savunmas\u0131z ve bilgisiz hissettikleri noktada hukuken yanlar\u0131nda olmak hizmetlerimiz aras\u0131ndad\u0131r. Yabanc\u0131lara hukuk hizmeti verirken \u201cg\u00fcven\u201d kavram\u0131n\u0131n normalden bir kat daha \u00f6nemli oldu\u011funun fark\u0131nday\u0131z. Gerek \u015firketler, gerek \u015fah\u0131slar yabanc\u0131 \u00fclkelerle girdikleri m\u00fcnasebetler esnas\u0131nda g\u00fcvensiz ve kayg\u0131l\u0131 olmakta hakl\u0131lar. Firmam\u0131z y\u0131llard\u0131r \u0130stanbul Ni\u015fanta\u015f\u0131\u2019nda kurulu ve hukuk alan\u0131nda hizmet veren tecr\u00fcbeli ve g\u00fcvenilir bir firmad\u0131r. Firmam\u0131z bug\u00fcne kadar t\u00fcm m\u00fcvekkilleri ile g\u00fcvene dayal\u0131 ve sa\u011fl\u0131kl\u0131 ili\u015fkiler kurmu\u015ftur. Bizim i\u00e7in esas olan m\u00fcvekkilin i\u015fini en sa\u011fl\u0131kl\u0131 bi\u00e7imde y\u00fcr\u00fctmek ve hakk\u0131n\u0131 teslim etmektir.&nbsp;<br>Yabanc\u0131lar\u0131n \u00fclkemizde gayrimenkul edinmeleri, \u015firket kurmalar\u0131, devralmalar\u0131 ya da birle\u015fmeleri, vatanda\u015fl\u0131k edinmeleri gibi konular ba\u015fta olmak \u00fczere yabanc\u0131l\u0131k unsuru olan t\u00fcm uyu\u015fmazl\u0131klarda hukuki hizmet vermekteyiz.&nbsp;<\/p><\/div><\/div>\n<\/div><\/div><\/div>\n<\/div><\/section>\n","protected":false},"excerpt":{"rendered":"<p>Kahraman Hukuk ve Dan\u0131\u015fmanl\u0131k m\u00fcvekkillerine Bireysel ve Kurumsal Hukuki Dan\u0131\u015fmanl\u0131k hizmeti sunmaktad\u0131r. Kahraman Hukuk a\u015fa\u011f\u0131da s\u0131ralanan alanlarda olduk\u00e7a yetkindir ancak a\u015fa\u011f\u0131daki s\u0131ralama s\u0131n\u0131rlay\u0131c\u0131 de\u011fildir.<\/p>\n","protected":false},"author":1,"featured_media":0,"parent":0,"menu_order":0,"comment_status":"closed","ping_status":"closed","template":"templates\/template-page-full-width.php","meta":{"footnotes":""},"class_list":["post-58","page","type-page","status-publish","hentry"],"_links":{"self":[{"href":"https:\/\/kahramansevindiklaw.com\/index.php\/wp-json\/wp\/v2\/pages\/58","targetHints":{"allow":["GET"]}}],"collection":[{"href":"https:\/\/kahramansevindiklaw.com\/index.php\/wp-json\/wp\/v2\/pages"}],"about":[{"href":"https:\/\/kahramansevindiklaw.com\/index.php\/wp-json\/wp\/v2\/types\/page"}],"author":[{"embeddable":true,"href":"https:\/\/kahramansevindiklaw.com\/index.php\/wp-json\/wp\/v2\/users\/1"}],"replies":[{"embeddable":true,"href":"https:\/\/kahramansevindiklaw.com\/index.php\/wp-json\/wp\/v2\/comments?post=58"}],"version-history":[{"count":36,"href":"https:\/\/kahramansevindiklaw.com\/index.php\/wp-json\/wp\/v2\/pages\/58\/revisions"}],"predecessor-version":[{"id":214,"href":"https:\/\/kahramansevindiklaw.com\/index.php\/wp-json\/wp\/v2\/pages\/58\/revisions\/214"}],"wp:attachment":[{"href":"https:\/\/kahramansevindiklaw.com\/index.php\/wp-json\/wp\/v2\/media?parent=58"}],"curies":[{"name":"wp","href":"https:\/\/api.w.org\/{rel}","templated":true}]}}